{"id":7211,"date":"2026-07-15T11:55:30","date_gmt":"2026-07-15T09:55:30","guid":{"rendered":"https:\/\/advk.ch\/?post_type=tribe_events&#038;p=7211"},"modified":"2026-07-15T14:38:26","modified_gmt":"2026-07-15T12:38:26","slug":"salon-des-metiers-et-de-la-formation-lausanne","status":"publish","type":"tribe_events","link":"https:\/\/advk.ch\/fr\/event\/salon-des-metiers-et-de-la-formation-lausanne\/","title":{"rendered":"SwissSkills 2027"},"content":{"rendered":"<p>Du\u00a0<strong>14 au 18 septembre 2027<\/strong>\u00a0se tiendront \u00e0 Berne les SwissSkills 2027.<br \/>\n\u00c0 l\u2019occasion de la cinqui\u00e8me \u00e9dition centralis\u00e9e des championnats suisses des m\u00e9tiers, plus de 150 m\u00e9tiers seront pr\u00e9sent\u00e9s et les meilleurs jeunes talents professionnels s\u2019affronteront dans plus de 90 championnats suisses des m\u00e9tiers.<\/p>\n<p>BERNEXPO<\/p>\n<p><a href=\"https:\/\/swiss-skills2027.ch\/fr\" target=\"_blank\" rel=\"noopener\">en savoir plus<\/a><\/p>\n","protected":false},"excerpt":{"rendered":"<p>Du\u00a014 au 18 septembre 2027\u00a0se tiendront \u00e0 Berne les SwissSkills 2027. \u00c0 l\u2019occasion de la cinqui\u00e8me \u00e9dition centralis\u00e9e des championnats suisses des m\u00e9tiers, plus de 150 m\u00e9tiers seront pr\u00e9sent\u00e9s et [&hellip;]<\/p>\n","protected":false},"author":6,"featured_media":0,"template":"","meta":{"_tribe_events_status":"","_tribe_events_status_reason":"","_tribe_events_is_hybrid":"","_tribe_events_is_virtual":"","_tribe_events_virtual_video_source":"","_tribe_events_virtual_embed_video":"","_tribe_events_virtual_linked_button_text":"","_tribe_events_virtual_linked_button":"","_tribe_events_virtual_show_embed_at":"","_tribe_events_virtual_show_embed_to":[],"_tribe_events_virtual_show_on_event":"","_tribe_events_virtual_show_on_views":"","_tribe_events_virtual_url":"","footnotes":""},"tags":[84],"tribe_events_cat":[94],"class_list":["post-7211","tribe_events","type-tribe_events","status-publish","hentry","tag-franzosisch","tribe_events_cat-salon-des-metiers","cat_salon-des-metiers"],"publishpress_future_workflow_manual_trigger":{"enabledWorkflows":[]},"_links":{"self":[{"href":"https:\/\/advk.ch\/fr\/wp-json\/wp\/v2\/tribe_events\/7211","targetHints":{"allow":["GET"]}}],"collection":[{"href":"https:\/\/advk.ch\/fr\/wp-json\/wp\/v2\/tribe_events"}],"about":[{"href":"https:\/\/advk.ch\/fr\/wp-json\/wp\/v2\/types\/tribe_events"}],"author":[{"embeddable":true,"href":"https:\/\/advk.ch\/fr\/wp-json\/wp\/v2\/users\/6"}],"version-history":[{"count":3,"href":"https:\/\/advk.ch\/fr\/wp-json\/wp\/v2\/tribe_events\/7211\/revisions"}],"predecessor-version":[{"id":7214,"href":"https:\/\/advk.ch\/fr\/wp-json\/wp\/v2\/tribe_events\/7211\/revisions\/7214"}],"wp:attachment":[{"href":"https:\/\/advk.ch\/fr\/wp-json\/wp\/v2\/media?parent=7211"}],"wp:term":[{"taxonomy":"post_tag","embeddable":true,"href":"https:\/\/advk.ch\/fr\/wp-json\/wp\/v2\/tags?post=7211"},{"taxonomy":"tribe_events_cat","embeddable":true,"href":"https:\/\/advk.ch\/fr\/wp-json\/wp\/v2\/tribe_events_cat?post=7211"}],"curies":[{"name":"wp","href":"https:\/\/api.w.org\/{rel}","templated":true}]}}